{"id":1098,"date":"2023-12-29T10:35:07","date_gmt":"2023-12-29T09:35:07","guid":{"rendered":"https:\/\/clasicasierracentro.com\/?page_id=1098"},"modified":"2026-04-20T20:46:48","modified_gmt":"2026-04-20T19:46:48","slug":"palmares","status":"publish","type":"page","link":"https:\/\/clasicasierracentro.com\/?page_id=1098","title":{"rendered":"Palmar\u00e9s"},"content":{"rendered":"\n<div class=\"wp-block-columns alignwide is-layout-flex wp-container-core-columns-is-layout-9d6595d7 wp-block-columns-is-layout-flex\">\n<div class=\"wp-block-column is-layout-flow wp-block-column-is-layout-flow\">\n<div class=\"wp-block-group has-background\" style=\"background-color:#ffffff\"><div class=\"wp-block-group__inner-container is-layout-flow wp-block-group-is-layout-flow\">\n<h2 class=\"wp-block-heading has-text-align-center\">I Cl\u00e1sica Collado Mediano 2016<\/h2>\n\n\n\n<figure class=\"wp-block-gallery has-nested-images columns-default is-cropped wp-block-gallery-1 is-layout-flex wp-block-gallery-is-layout-flex\">\n<figure class=\"wp-block-image size-large\"><a href=\"https:\/\/clasicasierracentro.com\/?page_id=105\" target=\"_blank\" rel=\"noreferrer noopener\"><img loading=\"lazy\" decoding=\"async\" width=\"1024\" height=\"420\" data-id=\"164\" src=\"http:\/\/clasicasierracentro.com\/wp-content\/uploads\/2022\/01\/Placa-1024x420.jpg\" alt=\"\" class=\"wp-image-164\" srcset=\"https:\/\/clasicasierracentro.com\/wp-content\/uploads\/2022\/01\/Placa-1024x420.jpg 1024w, https:\/\/clasicasierracentro.com\/wp-content\/uploads\/2022\/01\/Placa-300x123.jpg 300w, https:\/\/clasicasierracentro.com\/wp-content\/uploads\/2022\/01\/Placa-768x315.jpg 768w, https:\/\/clasicasierracentro.com\/wp-content\/uploads\/2022\/01\/Placa-1536x630.jpg 1536w, https:\/\/clasicasierracentro.com\/wp-content\/uploads\/2022\/01\/Placa-2048x840.jpg 2048w, https:\/\/clasicasierracentro.com\/wp-content\/uploads\/2022\/01\/Placa-1200x492.jpg 1200w, https:\/\/clasicasierracentro.com\/wp-content\/uploads\/2022\/01\/Placa-1980x812.jpg 1980w\" sizes=\"auto, (max-width: 1024px) 100vw, 1024px\" \/><\/a><\/figure>\n<\/figure>\n\n\n\n<p class=\"has-text-align-center\" style=\"font-size:16px\"><strong>1\u00ba- <strong>Miguel Mu\u00f1oz &#8211; Jose M\u00aa Reviejo<\/strong><\/strong><\/p>\n\n\n\n<p class=\"has-text-align-center\" style=\"font-size:16px\"><strong>Opel Corsa GSI<\/strong><\/p>\n\n\n\n<p class=\"has-text-align-center\" style=\"font-size:16px\"><strong>2\u00ba- <strong>Julio Enrique Mart\u00edn &#8211; Blanca Pasto<\/strong>r<\/strong><\/p>\n\n\n\n<p class=\"has-text-align-center\" style=\"font-size:16px\"><strong>Ford Capri<\/strong><\/p>\n\n\n\n<p class=\"has-text-align-center\" style=\"font-size:16px\"><strong>3\u00ba- <strong>Gustavo Herranz &#8211; Francisco Cuesta<\/strong><\/strong><\/p>\n\n\n\n<p class=\"has-text-align-center\" style=\"font-size:16px\"><strong> VW Golf GTI<\/strong><\/p>\n<\/div><\/div>\n<\/div>\n\n\n\n<div class=\"wp-block-column is-layout-flow wp-block-column-is-layout-flow\">\n<div class=\"wp-block-group has-background\" style=\"background-color:#ffffff\"><div class=\"wp-block-group__inner-container is-layout-flow wp-block-group-is-layout-flow\">\n<h2 class=\"wp-block-heading has-text-align-center\">II Cl\u00e1sica Collado Mediano 2017<\/h2>\n\n\n\n<figure class=\"wp-block-gallery has-nested-images columns-default is-cropped wp-block-gallery-2 is-layout-flex wp-block-gallery-is-layout-flex\">\n<figure class=\"wp-block-image size-full\"><a href=\"https:\/\/clasicasierracentro.com\/?page_id=150\" target=\"_blank\" rel=\"noreferrer noopener\"><img loading=\"lazy\" decoding=\"async\" width=\"1024\" height=\"420\" data-id=\"177\" src=\"http:\/\/clasicasierracentro.com\/wp-content\/uploads\/2022\/01\/Placa-II-Clasica-Collado-Mediano.jpg\" alt=\"\" class=\"wp-image-177\" srcset=\"https:\/\/clasicasierracentro.com\/wp-content\/uploads\/2022\/01\/Placa-II-Clasica-Collado-Mediano.jpg 1024w, https:\/\/clasicasierracentro.com\/wp-content\/uploads\/2022\/01\/Placa-II-Clasica-Collado-Mediano-300x123.jpg 300w, https:\/\/clasicasierracentro.com\/wp-content\/uploads\/2022\/01\/Placa-II-Clasica-Collado-Mediano-768x315.jpg 768w\" sizes=\"auto, (max-width: 1024px) 100vw, 1024px\" \/><\/a><\/figure>\n<\/figure>\n\n\n\n<p class=\"has-text-align-center\" style=\"font-size:16px\"><strong>1\u00ba- Marcos Rodr\u00edguez &#8211; Sonia V\u00e1zquez<\/strong><\/p>\n\n\n\n<p class=\"has-text-align-center\" style=\"font-size:16px\"><strong>Porsche 944 S<\/strong><\/p>\n\n\n\n<p class=\"has-text-align-center\" style=\"font-size:16px\"><strong>2\u00ba- Miguel Mu\u00f1o &#8211; Jose M\u00aa Reviejo<\/strong><\/p>\n\n\n\n<p class=\"has-text-align-center\" style=\"font-size:16px\"><strong>Opel Corsa GSI<\/strong><\/p>\n\n\n\n<p class=\"has-text-align-center\" style=\"font-size:16px\"><strong>3\u00ba- Julio Enrique Mart\u00edn &#8211; Blanca Pastor<\/strong><\/p>\n\n\n\n<p class=\"has-text-align-center\" style=\"font-size:16px\"><strong>Ford Capri<\/strong><\/p>\n<\/div><\/div>\n<\/div>\n\n\n\n<div class=\"wp-block-column is-layout-flow wp-block-column-is-layout-flow\">\n<div class=\"wp-block-group has-background\" style=\"background-color:#ffffff\"><div class=\"wp-block-group__inner-container is-layout-flow wp-block-group-is-layout-flow\">\n<h2 class=\"wp-block-heading has-text-align-center\">III Cl\u00e1sica Collado Mediano 2018<\/h2>\n\n\n\n<figure class=\"wp-block-gallery has-nested-images columns-default is-cropped wp-block-gallery-3 is-layout-flex wp-block-gallery-is-layout-flex\">\n<figure class=\"wp-block-image size-full\"><a href=\"https:\/\/clasicasierracentro.com\/?page_id=228\" target=\"_blank\" rel=\"noreferrer noopener\"><img loading=\"lazy\" decoding=\"async\" width=\"1600\" height=\"801\" data-id=\"174\" src=\"http:\/\/clasicasierracentro.com\/wp-content\/uploads\/2022\/01\/Placa-blanca.png\" alt=\"\" class=\"wp-image-174\" srcset=\"https:\/\/clasicasierracentro.com\/wp-content\/uploads\/2022\/01\/Placa-blanca.png 1600w, https:\/\/clasicasierracentro.com\/wp-content\/uploads\/2022\/01\/Placa-blanca-300x150.png 300w, https:\/\/clasicasierracentro.com\/wp-content\/uploads\/2022\/01\/Placa-blanca-1024x513.png 1024w, https:\/\/clasicasierracentro.com\/wp-content\/uploads\/2022\/01\/Placa-blanca-768x384.png 768w, https:\/\/clasicasierracentro.com\/wp-content\/uploads\/2022\/01\/Placa-blanca-1536x769.png 1536w, https:\/\/clasicasierracentro.com\/wp-content\/uploads\/2022\/01\/Placa-blanca-1200x601.png 1200w\" sizes=\"auto, (max-width: 1600px) 100vw, 1600px\" \/><\/a><\/figure>\n<\/figure>\n\n\n\n<p class=\"has-text-align-center\" style=\"font-size:16px\"><strong>1\u00ba- <strong><strong>Jose M\u00aa <\/strong>Reviejo &#8211;  Miguel Mu\u00f1oz<\/strong><\/strong><\/p>\n\n\n\n<p class=\"has-text-align-center\" style=\"font-size:16px\"><strong>Audi Coupe G<\/strong><\/p>\n\n\n\n<p class=\"has-text-align-center\" style=\"font-size:16px\"><strong>2\u00ba- Julio Enrique Mart\u00edn &#8211; Blanca Pasto<\/strong>r<\/p>\n\n\n\n<p class=\"has-text-align-center\" style=\"font-size:16px\"><strong>Ford Fiesta XR2<\/strong><\/p>\n\n\n\n<p class=\"has-text-align-center\" style=\"font-size:16px\"><strong>3\u00ba- Alejandro Gimena &#8211; Beatriz L\u00f3pez<\/strong><\/p>\n\n\n\n<p class=\"has-text-align-center\" style=\"font-size:16px\"><strong>VW Polo GT<\/strong><\/p>\n<\/div><\/div>\n<\/div>\n<\/div>\n\n\n\n<div class=\"wp-block-columns alignwide is-layout-flex wp-container-core-columns-is-layout-9d6595d7 wp-block-columns-is-layout-flex\">\n<div class=\"wp-block-column is-layout-flow wp-block-column-is-layout-flow\">\n<div class=\"wp-block-group has-background\" style=\"background-color:#ffffff\"><div class=\"wp-block-group__inner-container is-layout-flow wp-block-group-is-layout-flow\">\n<h2 class=\"wp-block-heading has-text-align-center\">IV Cl\u00e1sica Collado Mediano 2019<\/h2>\n\n\n\n<figure class=\"wp-block-gallery has-nested-images columns-default is-cropped wp-block-gallery-4 is-layout-flex wp-block-gallery-is-layout-flex\">\n<figure class=\"wp-block-image size-large\"><a href=\"https:\/\/clasicasierracentro.com\/?page_id=273\" target=\"_blank\" rel=\"noreferrer noopener\"><img loading=\"lazy\" decoding=\"async\" width=\"1024\" height=\"514\" data-id=\"176\" src=\"http:\/\/clasicasierracentro.com\/wp-content\/uploads\/2022\/01\/Placa-fin-1024x514.jpg\" alt=\"\" class=\"wp-image-176\" srcset=\"https:\/\/clasicasierracentro.com\/wp-content\/uploads\/2022\/01\/Placa-fin-1024x514.jpg 1024w, https:\/\/clasicasierracentro.com\/wp-content\/uploads\/2022\/01\/Placa-fin-300x151.jpg 300w, https:\/\/clasicasierracentro.com\/wp-content\/uploads\/2022\/01\/Placa-fin-768x385.jpg 768w, https:\/\/clasicasierracentro.com\/wp-content\/uploads\/2022\/01\/Placa-fin-1200x602.jpg 1200w, https:\/\/clasicasierracentro.com\/wp-content\/uploads\/2022\/01\/Placa-fin.jpg 1443w\" sizes=\"auto, (max-width: 1024px) 100vw, 1024px\" \/><\/a><\/figure>\n<\/figure>\n\n\n\n<p class=\"has-text-align-center\" style=\"font-size:16px\"><strong>1\u00ba- <strong><strong>Jose M\u00aa <\/strong>Reviejo &#8211; <strong>Alejandro Gonz\u00e1le<\/strong><\/strong>z<\/strong><\/p>\n\n\n\n<p class=\"has-text-align-center\" style=\"font-size:16px\"><strong>Audi Coupe G<\/strong><\/p>\n\n\n\n<p class=\"has-text-align-center\" style=\"font-size:16px\"><strong>2\u00ba- Marcos Rodr\u00edguez &#8211; Sonia V\u00e1zquez<\/strong><\/p>\n\n\n\n<p class=\"has-text-align-center\" style=\"font-size:16px\"><strong>Nissan Sunny GTI<\/strong><\/p>\n\n\n\n<p class=\"has-text-align-center\" style=\"font-size:16px\"><strong>3\u00ba- Julio Enrique Mart\u00edn &#8211; Blanca Pastor<\/strong><\/p>\n\n\n\n<p class=\"has-text-align-center\" style=\"font-size:16px\"><strong>Ford Fiesta XR2<\/strong><\/p>\n<\/div><\/div>\n<\/div>\n\n\n\n<div class=\"wp-block-column is-layout-flow wp-block-column-is-layout-flow\">\n<div class=\"wp-block-group has-background\" style=\"background-color:#ffffff\"><div class=\"wp-block-group__inner-container is-layout-flow wp-block-group-is-layout-flow\">\n<h2 class=\"wp-block-heading has-text-align-center\">V Cl\u00e1sica Sierra Centro 2020<\/h2>\n\n\n\n<figure class=\"wp-block-gallery has-nested-images columns-default is-cropped wp-block-gallery-5 is-layout-flex wp-block-gallery-is-layout-flex\">\n<figure class=\"wp-block-image size-full\"><a href=\"https:\/\/clasicasierracentro.com\/?page_id=287&amp;https:\/\/clasicasierracentro.com\/?page_id=287\" target=\"_blank\" rel=\"noreferrer noopener\"><img loading=\"lazy\" decoding=\"async\" width=\"2000\" height=\"1000\" data-id=\"175\" src=\"http:\/\/clasicasierracentro.com\/wp-content\/uploads\/2022\/01\/PLACA-FECHA-NUEVA-e1647292491373.png\" alt=\"\" class=\"wp-image-175\"\/><\/a><\/figure>\n<\/figure>\n\n\n\n<p class=\"has-text-align-center\" style=\"font-size:16px\"><strong>1\u00ba- Marcos Rodr\u00edguez &#8211; Sonia V\u00e1zquez<\/strong><\/p>\n\n\n\n<p class=\"has-text-align-center\" style=\"font-size:16px\"><strong><strong>Porsche 928 S<\/strong><\/strong><\/p>\n\n\n\n<p class=\"has-text-align-center\" style=\"font-size:16px\"><strong>2\u00ba- Miguel \u00c1ngel Gonz\u00e1lez &#8211; Mar\u00eda Ruiz<\/strong><\/p>\n\n\n\n<p class=\"has-text-align-center\" style=\"font-size:16px\"><strong>Porsche 944<\/strong><\/p>\n\n\n\n<p class=\"has-text-align-center\" style=\"font-size:16px\"><strong>3\u00ba- Sergio Perdiguero &#8211; Jonatan Garc\u00eda<\/strong> <\/p>\n\n\n\n<p class=\"has-text-align-center\" style=\"font-size:16px\">  <strong>Porsche 911 SC<\/strong><\/p>\n<\/div><\/div>\n<\/div>\n\n\n\n<div class=\"wp-block-column is-layout-flow wp-block-column-is-layout-flow\">\n<div class=\"wp-block-group has-background\" style=\"background-color:#ffffff\"><div class=\"wp-block-group__inner-container is-layout-flow wp-block-group-is-layout-flow\">\n<h2 class=\"wp-block-heading has-text-align-center\">VI Cl\u00e1sica Sierra Centro 2021<\/h2>\n\n\n\n<figure class=\"wp-block-gallery has-nested-images columns-default is-cropped wp-block-gallery-6 is-layout-flex wp-block-gallery-is-layout-flex\">\n<figure class=\"wp-block-image size-full\"><a href=\"https:\/\/clasicasierracentro.com\/?page_id=297\" target=\"_blank\" rel=\"noreferrer noopener\"><img loading=\"lazy\" decoding=\"async\" width=\"1496\" height=\"875\" data-id=\"178\" src=\"http:\/\/clasicasierracentro.com\/wp-content\/uploads\/2022\/01\/Placa-VI-Clasica-Sierra-Centro.png\" alt=\"\" class=\"wp-image-178\" srcset=\"https:\/\/clasicasierracentro.com\/wp-content\/uploads\/2022\/01\/Placa-VI-Clasica-Sierra-Centro.png 1496w, https:\/\/clasicasierracentro.com\/wp-content\/uploads\/2022\/01\/Placa-VI-Clasica-Sierra-Centro-300x175.png 300w, https:\/\/clasicasierracentro.com\/wp-content\/uploads\/2022\/01\/Placa-VI-Clasica-Sierra-Centro-1024x599.png 1024w, https:\/\/clasicasierracentro.com\/wp-content\/uploads\/2022\/01\/Placa-VI-Clasica-Sierra-Centro-768x449.png 768w, https:\/\/clasicasierracentro.com\/wp-content\/uploads\/2022\/01\/Placa-VI-Clasica-Sierra-Centro-1200x702.png 1200w\" sizes=\"auto, (max-width: 1496px) 100vw, 1496px\" \/><\/a><\/figure>\n<\/figure>\n\n\n\n<p class=\"has-text-align-center\" style=\"font-size:16px\"><strong>1\u00ba- Marcos Rodr\u00edguez &#8211; Sonia V\u00e1zquez<\/strong><\/p>\n\n\n\n<p class=\"has-text-align-center\" style=\"font-size:16px\"><strong><strong>Nissan Sunny GTI<\/strong><\/strong><\/p>\n\n\n\n<p class=\"has-text-align-center\" style=\"font-size:16px\"><strong>2\u00ba- Julio Enrique Mart\u00edn &#8211; Blanca Pastor<\/strong><\/p>\n\n\n\n<p class=\"has-text-align-center\" style=\"font-size:16px\"><strong>Ford Fiesta XR2<\/strong><\/p>\n\n\n\n<p class=\"has-text-align-center\" style=\"font-size:16px\"><strong>3\u00ba- J.Manuel Hontanilla &#8211; Jose M\u00aa Reviejo<\/strong><\/p>\n\n\n\n<p class=\"has-text-align-center\" style=\"font-size:16px\"><strong>Audi Coupe G<\/strong><\/p>\n<\/div><\/div>\n<\/div>\n<\/div>\n\n\n\n<div class=\"wp-block-columns alignwide is-layout-flex wp-container-core-columns-is-layout-9d6595d7 wp-block-columns-is-layout-flex\">\n<div class=\"wp-block-column is-layout-flow wp-block-column-is-layout-flow\">\n<div class=\"wp-block-group has-background\" style=\"background-color:#ffffff\"><div class=\"wp-block-group__inner-container is-layout-flow wp-block-group-is-layout-flow\">\n<h2 class=\"wp-block-heading has-text-align-center\">VII Cl\u00e1sica Sierra Centro 2022<\/h2>\n\n\n\n<figure class=\"wp-block-gallery has-nested-images columns-default is-cropped wp-block-gallery-7 is-layout-flex wp-block-gallery-is-layout-flex\">\n<figure class=\"wp-block-image size-full\"><a href=\"https:\/\/clasicasierracentro.com\/?page_id=791\" target=\"_blank\" rel=\"noreferrer noopener\"><img loading=\"lazy\" decoding=\"async\" width=\"889\" height=\"410\" data-id=\"515\" src=\"http:\/\/clasicasierracentro.com\/wp-content\/uploads\/2022\/03\/cropped-Placa-VII-Clasica-Sierra-Centro-e1648493528731.png\" alt=\"\" class=\"wp-image-515\"\/><\/a><\/figure>\n<\/figure>\n\n\n\n<p class=\"has-text-align-center\" style=\"font-size:16px\"><strong>1\u00ba- Marcos Rodr\u00edguez &#8211; Sonia V\u00e1zquez<\/strong><\/p>\n\n\n\n<p class=\"has-text-align-center\" style=\"font-size:16px\"><strong><strong>Nissan Sunny GTI<\/strong><\/strong><\/p>\n\n\n\n<p class=\"has-text-align-center\" style=\"font-size:16px\"><strong>2\u00ba- Gustavo Herranz &#8211; Francisco Cuesta<\/strong><\/p>\n\n\n\n<p class=\"has-text-align-center\" style=\"font-size:16px\"><strong>BMW M3<\/strong><\/p>\n\n\n\n<p class=\"has-text-align-center\" style=\"font-size:16px\"><strong>3\u00ba- \u00c1ngel Merino &#8211; Mario Merino<\/strong><\/p>\n\n\n\n<p class=\"has-text-align-center\" style=\"font-size:16px\"><strong>Toyota MR2<\/strong><\/p>\n<\/div><\/div>\n<\/div>\n\n\n\n<div class=\"wp-block-column is-layout-flow wp-block-column-is-layout-flow\">\n<div class=\"wp-block-group has-background\" style=\"background-color:#ffffff\"><div class=\"wp-block-group__inner-container is-layout-flow wp-block-group-is-layout-flow\">\n<h2 class=\"wp-block-heading has-text-align-center\">VII Cl\u00e1sica Sierra Centro 2023<\/h2>\n\n\n\n<figure class=\"wp-block-gallery has-nested-images columns-default is-cropped wp-block-gallery-8 is-layout-flex wp-block-gallery-is-layout-flex\">\n<figure class=\"wp-block-image size-full\"><img loading=\"lazy\" decoding=\"async\" width=\"448\" height=\"229\" data-id=\"908\" src=\"https:\/\/clasicasierracentro.com\/wp-content\/uploads\/2023\/04\/Placa-8.jpg\" alt=\"\" class=\"wp-image-908\" srcset=\"https:\/\/clasicasierracentro.com\/wp-content\/uploads\/2023\/04\/Placa-8.jpg 448w, https:\/\/clasicasierracentro.com\/wp-content\/uploads\/2023\/04\/Placa-8-300x153.jpg 300w\" sizes=\"auto, (max-width: 448px) 100vw, 448px\" \/><\/figure>\n<\/figure>\n\n\n\n<p class=\"has-text-align-center\" style=\"font-size:16px\"><strong>1\u00ba- Jose Antonio Garc\u00eda &#8211; Gustavo Garc\u00eda<\/strong><\/p>\n\n\n\n<p class=\"has-text-align-center\" style=\"font-size:16px\"><strong>VW Golf GTI<\/strong><\/p>\n\n\n\n<p class=\"has-text-align-center\" style=\"font-size:16px\"><strong>2\u00ba- Jorge S\u00e1nchez &#8211; Sergio Garc\u00eda<\/strong><\/p>\n\n\n\n<p class=\"has-text-align-center\" style=\"font-size:16px\"><strong>Peugeot 306<\/strong><\/p>\n\n\n\n<p class=\"has-text-align-center\" style=\"font-size:16px\"><strong>3\u00ba- Julio Enrique Mart\u00edn &#8211; Blanca Pastor<\/strong><\/p>\n\n\n\n<p class=\"has-text-align-center\" style=\"font-size:16px\"><strong>Ford Fiesta XR2<\/strong><\/p>\n<\/div><\/div>\n<\/div>\n\n\n\n<div class=\"wp-block-column is-layout-flow wp-block-column-is-layout-flow\">\n<div class=\"wp-block-group has-background\" style=\"background-color:#ffffff\"><div class=\"wp-block-group__inner-container is-layout-flow wp-block-group-is-layout-flow\">\n<h2 class=\"wp-block-heading has-text-align-center\">IX   Cl\u00e1sica Sierra Centro 2024<\/h2>\n\n\n\n<figure class=\"wp-block-gallery has-nested-images columns-default is-cropped wp-block-gallery-9 is-layout-flex wp-block-gallery-is-layout-flex\">\n<figure class=\"wp-block-image size-full\"><img loading=\"lazy\" decoding=\"async\" width=\"898\" height=\"460\" data-id=\"958\" src=\"https:\/\/clasicasierracentro.com\/wp-content\/uploads\/2023\/11\/cropped-Palca-IX-Clasica-Sierra-Centro-24.png\" alt=\"\" class=\"wp-image-958\" srcset=\"https:\/\/clasicasierracentro.com\/wp-content\/uploads\/2023\/11\/cropped-Palca-IX-Clasica-Sierra-Centro-24.png 898w, https:\/\/clasicasierracentro.com\/wp-content\/uploads\/2023\/11\/cropped-Palca-IX-Clasica-Sierra-Centro-24-300x154.png 300w, https:\/\/clasicasierracentro.com\/wp-content\/uploads\/2023\/11\/cropped-Palca-IX-Clasica-Sierra-Centro-24-768x393.png 768w\" sizes=\"auto, (max-width: 898px) 100vw, 898px\" \/><\/figure>\n<\/figure>\n\n\n\n<p class=\"has-text-align-center\" style=\"font-size:16px\"><strong>1\u00ba- Alejandro Gimena &#8211; Beatriz L\u00f3pez<\/strong><\/p>\n\n\n\n<p class=\"has-text-align-center\" style=\"font-size:16px\"><strong><strong>VW Polo GT<\/strong><\/strong><\/p>\n\n\n\n<p class=\"has-text-align-center\" style=\"font-size:16px\"><strong>2\u00ba- Luis Menendez &#8211; Wendy Guzman<\/strong><\/p>\n\n\n\n<p class=\"has-text-align-center\" style=\"font-size:16px\"><strong><strong>VW Golf <\/strong><\/strong><\/p>\n\n\n\n<p class=\"has-text-align-center\" style=\"font-size:16px\"><strong><strong>3\u00ba- Julio Enrique Mart\u00edn &#8211; Blanca Pastor<\/strong><\/strong><\/p>\n\n\n\n<p class=\"has-text-align-center\" style=\"font-size:16px\"><strong><strong>Ford Fiesta XR2<\/strong><\/strong><\/p>\n<\/div><\/div>\n<\/div>\n<\/div>\n\n\n\n<div class=\"wp-block-columns alignwide is-layout-flex wp-container-core-columns-is-layout-9d6595d7 wp-block-columns-is-layout-flex\">\n<div class=\"wp-block-column is-layout-flow wp-block-column-is-layout-flow\">\n<div class=\"wp-block-group has-background\" style=\"background-color:#ffffff\"><div class=\"wp-block-group__inner-container is-layout-flow wp-block-group-is-layout-flow\">\n<h2 class=\"wp-block-heading has-text-align-center\">X Cl\u00e1sica Sierra Centro 2025<\/h2>\n\n\n\n<figure class=\"wp-block-gallery has-nested-images columns-default is-cropped wp-block-gallery-10 is-layout-flex wp-block-gallery-is-layout-flex\">\n<figure class=\"wp-block-image size-full\"><img loading=\"lazy\" decoding=\"async\" width=\"889\" height=\"409\" data-id=\"1506\" src=\"https:\/\/clasicasierracentro.com\/wp-content\/uploads\/2024\/12\/cropped-Placa-Rally-X-Clasica-Sierra-Centro.png\" alt=\"\" class=\"wp-image-1506\" srcset=\"https:\/\/clasicasierracentro.com\/wp-content\/uploads\/2024\/12\/cropped-Placa-Rally-X-Clasica-Sierra-Centro.png 889w, https:\/\/clasicasierracentro.com\/wp-content\/uploads\/2024\/12\/cropped-Placa-Rally-X-Clasica-Sierra-Centro-300x138.png 300w, https:\/\/clasicasierracentro.com\/wp-content\/uploads\/2024\/12\/cropped-Placa-Rally-X-Clasica-Sierra-Centro-768x353.png 768w\" sizes=\"auto, (max-width: 889px) 100vw, 889px\" \/><\/figure>\n<\/figure>\n\n\n\n<p class=\"has-text-align-center\" style=\"font-size:16px\"><strong>1\u00ba-Ignacio Gonz\u00e1lez &#8211; Jos\u00e9 M\u00aa Gonz\u00e1lez<\/strong><\/p>\n\n\n\n<p class=\"has-text-align-center\" style=\"font-size:16px\"><strong>Ford Fiesta XR2<\/strong><\/p>\n\n\n\n<p class=\"has-text-align-center\" style=\"font-size:16px\"><strong>2\u00ba- <strong>Julio Enrique Mart\u00edn<\/strong> &#8211; <strong>Blanca Pastor<\/strong><\/strong><\/p>\n\n\n\n<p class=\"has-text-align-center\" style=\"font-size:16px\"><strong>Ford Fiesta XR2<\/strong><\/p>\n\n\n\n<p class=\"has-text-align-center\" style=\"font-size:16px\"><strong>3\u00ba- <strong>Alejandro Gimena &#8211; Beatriz L\u00f3pez<\/strong><\/strong><\/p>\n\n\n\n<p class=\"has-text-align-center\" style=\"font-size:16px\"><strong><strong><strong>VW Polo GT<\/strong><\/strong><\/strong><\/p>\n<\/div><\/div>\n<\/div>\n\n\n\n<div class=\"wp-block-column is-layout-flow wp-block-column-is-layout-flow\">\n<div class=\"wp-block-group has-background\" style=\"background-color:#ffffff\"><div class=\"wp-block-group__inner-container is-layout-flow wp-block-group-is-layout-flow\">\n<h2 class=\"wp-block-heading has-text-align-center\">XI Cl\u00e1sica Sierra Centro 2026<\/h2>\n\n\n\n<figure class=\"wp-block-gallery has-nested-images columns-default is-cropped wp-block-gallery-11 is-layout-flex wp-block-gallery-is-layout-flex\">\n<figure class=\"wp-block-image size-full\"><img loading=\"lazy\" decoding=\"async\" width=\"889\" height=\"409\" data-id=\"1506\" src=\"https:\/\/clasicasierracentro.com\/wp-content\/uploads\/2024\/12\/cropped-Placa-Rally-X-Clasica-Sierra-Centro.png\" alt=\"\" class=\"wp-image-1506\" srcset=\"https:\/\/clasicasierracentro.com\/wp-content\/uploads\/2024\/12\/cropped-Placa-Rally-X-Clasica-Sierra-Centro.png 889w, https:\/\/clasicasierracentro.com\/wp-content\/uploads\/2024\/12\/cropped-Placa-Rally-X-Clasica-Sierra-Centro-300x138.png 300w, https:\/\/clasicasierracentro.com\/wp-content\/uploads\/2024\/12\/cropped-Placa-Rally-X-Clasica-Sierra-Centro-768x353.png 768w\" sizes=\"auto, (max-width: 889px) 100vw, 889px\" \/><\/figure>\n<\/figure>\n\n\n\n<p class=\"has-text-align-center\" style=\"font-size:16px\"><strong>1\u00ba-Luis Men\u00e9ndez Men\u00e9ndez &#8211; Wendy Guzm\u00e1n<\/strong><\/p>\n\n\n\n<p class=\"has-text-align-center\" style=\"font-size:16px\"><strong>VW Golf GTI<\/strong><\/p>\n\n\n\n<p class=\"has-text-align-center\" style=\"font-size:16px\"><strong>2\u00ba- <strong>Ignacio Glez de Uriarte<\/strong> &#8211; <strong>Jose M\u00aa Glez de Uriarte<\/strong><\/strong><\/p>\n\n\n\n<p class=\"has-text-align-center\" style=\"font-size:16px\"><strong>Ford Fiesta XR2<\/strong><\/p>\n\n\n\n<p class=\"has-text-align-center\" style=\"font-size:16px\"><strong>3\u00ba- <strong>Juan Mi. Vel\u00e1zquez Iglesias &#8211; Alberto Garc\u00eda Revilla<\/strong><\/strong><\/p>\n\n\n\n<p class=\"has-text-align-center\" style=\"font-size:16px\"><strong><strong><strong>Peugeot 206 GTI<\/strong><\/strong><\/strong><\/p>\n<\/div><\/div>\n<\/div>\n<\/div>\n","protected":false},"excerpt":{"rendered":"<p>I Cl\u00e1sica Collado Mediano 2016 1\u00ba- Miguel Mu\u00f1oz &#8211; Jose M\u00aa Reviejo Opel Corsa GSI 2\u00ba- Julio Enrique Mart\u00edn &#8211; Blanca Pastor Ford Capri 3\u00ba- Gustavo Herranz &#8211; Francisco Cuesta VW Golf GTI II Cl\u00e1sica Collado Mediano 2017 1\u00ba- Marcos Rodr\u00edguez &#8211; Sonia V\u00e1zquez Porsche 944 S 2\u00ba- Miguel Mu\u00f1o &#8211; Jose M\u00aa Reviejo Opel [&hellip;]<\/p>\n","protected":false},"author":1,"featured_media":0,"parent":0,"menu_order":0,"comment_status":"closed","ping_status":"closed","template":"","meta":{"om_disable_all_campaigns":false,"_monsterinsights_skip_tracking":false,"_monsterinsights_sitenote_active":false,"_monsterinsights_sitenote_note":"","_monsterinsights_sitenote_category":0,"footnotes":""},"class_list":["post-1098","page","type-page","status-publish","hentry"],"yoast_head":"<!-- This site is optimized with the Yoast SEO plugin v27.4 - https:\/\/yoast.com\/product\/yoast-seo-wordpress\/ -->\n<title>Palmar\u00e9s | CL\u00c1SICA SIERRA CENTRO<\/title>\n<meta name=\"robots\" content=\"index, follow, max-snippet:-1, max-image-preview:large, max-video-preview:-1\" \/>\n<link rel=\"canonical\" href=\"https:\/\/clasicasierracentro.com\/?page_id=1098\" \/>\n<meta property=\"og:locale\" content=\"es_ES\" \/>\n<meta property=\"og:type\" content=\"article\" \/>\n<meta property=\"og:title\" content=\"Palmar\u00e9s | CL\u00c1SICA SIERRA CENTRO\" \/>\n<meta property=\"og:description\" content=\"I Cl\u00e1sica Collado Mediano 2016 1\u00ba- Miguel Mu\u00f1oz &#8211; Jose M\u00aa Reviejo Opel Corsa GSI 2\u00ba- Julio Enrique Mart\u00edn &#8211; Blanca Pastor Ford Capri 3\u00ba- Gustavo Herranz &#8211; Francisco Cuesta VW Golf GTI II Cl\u00e1sica Collado Mediano 2017 1\u00ba- Marcos Rodr\u00edguez &#8211; Sonia V\u00e1zquez Porsche 944 S 2\u00ba- Miguel Mu\u00f1o &#8211; Jose M\u00aa Reviejo Opel [&hellip;]\" \/>\n<meta property=\"og:url\" content=\"https:\/\/clasicasierracentro.com\/?page_id=1098\" \/>\n<meta property=\"og:site_name\" content=\"CL\u00c1SICA SIERRA CENTRO\" \/>\n<meta property=\"article:modified_time\" content=\"2026-04-20T19:46:48+00:00\" \/>\n<meta property=\"og:image\" content=\"https:\/\/clasicasierracentro.com\/wp-content\/uploads\/2022\/01\/Placa-scaled.jpg\" \/>\n\t<meta property=\"og:image:width\" content=\"2560\" \/>\n\t<meta property=\"og:image:height\" content=\"1049\" \/>\n\t<meta property=\"og:image:type\" content=\"image\/jpeg\" \/>\n<meta name=\"twitter:card\" content=\"summary_large_image\" \/>\n<meta name=\"twitter:label1\" content=\"Tiempo de lectura\" \/>\n\t<meta name=\"twitter:data1\" content=\"1 minuto\" \/>\n<script type=\"application\/ld+json\" class=\"yoast-schema-graph\">{\"@context\":\"https:\\\/\\\/schema.org\",\"@graph\":[{\"@type\":\"WebPage\",\"@id\":\"https:\\\/\\\/clasicasierracentro.com\\\/?page_id=1098\",\"url\":\"https:\\\/\\\/clasicasierracentro.com\\\/?page_id=1098\",\"name\":\"Palmar\u00e9s | CL\u00c1SICA SIERRA CENTRO\",\"isPartOf\":{\"@id\":\"https:\\\/\\\/clasicasierracentro.com\\\/#website\"},\"primaryImageOfPage\":{\"@id\":\"https:\\\/\\\/clasicasierracentro.com\\\/?page_id=1098#primaryimage\"},\"image\":{\"@id\":\"https:\\\/\\\/clasicasierracentro.com\\\/?page_id=1098#primaryimage\"},\"thumbnailUrl\":\"http:\\\/\\\/clasicasierracentro.com\\\/wp-content\\\/uploads\\\/2022\\\/01\\\/Placa-1024x420.jpg\",\"datePublished\":\"2023-12-29T09:35:07+00:00\",\"dateModified\":\"2026-04-20T19:46:48+00:00\",\"breadcrumb\":{\"@id\":\"https:\\\/\\\/clasicasierracentro.com\\\/?page_id=1098#breadcrumb\"},\"inLanguage\":\"es\",\"potentialAction\":[{\"@type\":\"ReadAction\",\"target\":[\"https:\\\/\\\/clasicasierracentro.com\\\/?page_id=1098\"]}]},{\"@type\":\"ImageObject\",\"inLanguage\":\"es\",\"@id\":\"https:\\\/\\\/clasicasierracentro.com\\\/?page_id=1098#primaryimage\",\"url\":\"https:\\\/\\\/clasicasierracentro.com\\\/wp-content\\\/uploads\\\/2022\\\/01\\\/Placa-scaled.jpg\",\"contentUrl\":\"https:\\\/\\\/clasicasierracentro.com\\\/wp-content\\\/uploads\\\/2022\\\/01\\\/Placa-scaled.jpg\",\"width\":2560,\"height\":1049},{\"@type\":\"BreadcrumbList\",\"@id\":\"https:\\\/\\\/clasicasierracentro.com\\\/?page_id=1098#breadcrumb\",\"itemListElement\":[{\"@type\":\"ListItem\",\"position\":1,\"name\":\"Portada\",\"item\":\"https:\\\/\\\/clasicasierracentro.com\\\/\"},{\"@type\":\"ListItem\",\"position\":2,\"name\":\"Palmar\u00e9s\"}]},{\"@type\":\"WebSite\",\"@id\":\"https:\\\/\\\/clasicasierracentro.com\\\/#website\",\"url\":\"https:\\\/\\\/clasicasierracentro.com\\\/\",\"name\":\"CL\u00c1SICA SIERRA CENTRO\",\"description\":\"CL\u00c1SICA SIERRA CENTRO\",\"publisher\":{\"@id\":\"https:\\\/\\\/clasicasierracentro.com\\\/#\\\/schema\\\/person\\\/0dbe694ae3855c65b8c501f1728ad93a\"},\"potentialAction\":[{\"@type\":\"SearchAction\",\"target\":{\"@type\":\"EntryPoint\",\"urlTemplate\":\"https:\\\/\\\/clasicasierracentro.com\\\/?s={search_term_string}\"},\"query-input\":{\"@type\":\"PropertyValueSpecification\",\"valueRequired\":true,\"valueName\":\"search_term_string\"}}],\"inLanguage\":\"es\"},{\"@type\":[\"Person\",\"Organization\"],\"@id\":\"https:\\\/\\\/clasicasierracentro.com\\\/#\\\/schema\\\/person\\\/0dbe694ae3855c65b8c501f1728ad93a\",\"name\":\"Cl\u00e1sica Sierra Centro\",\"image\":{\"@type\":\"ImageObject\",\"inLanguage\":\"es\",\"@id\":\"https:\\\/\\\/clasicasierracentro.com\\\/wp-content\\\/uploads\\\/2025\\\/12\\\/cropped-Placa-XI-Clasica-Sierra-Centro-2026.png\",\"url\":\"https:\\\/\\\/clasicasierracentro.com\\\/wp-content\\\/uploads\\\/2025\\\/12\\\/cropped-Placa-XI-Clasica-Sierra-Centro-2026.png\",\"contentUrl\":\"https:\\\/\\\/clasicasierracentro.com\\\/wp-content\\\/uploads\\\/2025\\\/12\\\/cropped-Placa-XI-Clasica-Sierra-Centro-2026.png\",\"width\":613,\"height\":460,\"caption\":\"Cl\u00e1sica Sierra Centro\"},\"logo\":{\"@id\":\"https:\\\/\\\/clasicasierracentro.com\\\/wp-content\\\/uploads\\\/2025\\\/12\\\/cropped-Placa-XI-Clasica-Sierra-Centro-2026.png\"},\"sameAs\":[\"http:\\\/\\\/clasicasierracentro.com\"]}]}<\/script>\n<!-- \/ Yoast SEO plugin. -->","yoast_head_json":{"title":"Palmar\u00e9s | CL\u00c1SICA SIERRA CENTRO","robots":{"index":"index","follow":"follow","max-snippet":"max-snippet:-1","max-image-preview":"max-image-preview:large","max-video-preview":"max-video-preview:-1"},"canonical":"https:\/\/clasicasierracentro.com\/?page_id=1098","og_locale":"es_ES","og_type":"article","og_title":"Palmar\u00e9s | CL\u00c1SICA SIERRA CENTRO","og_description":"I Cl\u00e1sica Collado Mediano 2016 1\u00ba- Miguel Mu\u00f1oz &#8211; Jose M\u00aa Reviejo Opel Corsa GSI 2\u00ba- Julio Enrique Mart\u00edn &#8211; Blanca Pastor Ford Capri 3\u00ba- Gustavo Herranz &#8211; Francisco Cuesta VW Golf GTI II Cl\u00e1sica Collado Mediano 2017 1\u00ba- Marcos Rodr\u00edguez &#8211; Sonia V\u00e1zquez Porsche 944 S 2\u00ba- Miguel Mu\u00f1o &#8211; Jose M\u00aa Reviejo Opel [&hellip;]","og_url":"https:\/\/clasicasierracentro.com\/?page_id=1098","og_site_name":"CL\u00c1SICA SIERRA CENTRO","article_modified_time":"2026-04-20T19:46:48+00:00","og_image":[{"width":2560,"height":1049,"url":"https:\/\/clasicasierracentro.com\/wp-content\/uploads\/2022\/01\/Placa-scaled.jpg","type":"image\/jpeg"}],"twitter_card":"summary_large_image","twitter_misc":{"Tiempo de lectura":"1 minuto"},"schema":{"@context":"https:\/\/schema.org","@graph":[{"@type":"WebPage","@id":"https:\/\/clasicasierracentro.com\/?page_id=1098","url":"https:\/\/clasicasierracentro.com\/?page_id=1098","name":"Palmar\u00e9s | CL\u00c1SICA SIERRA CENTRO","isPartOf":{"@id":"https:\/\/clasicasierracentro.com\/#website"},"primaryImageOfPage":{"@id":"https:\/\/clasicasierracentro.com\/?page_id=1098#primaryimage"},"image":{"@id":"https:\/\/clasicasierracentro.com\/?page_id=1098#primaryimage"},"thumbnailUrl":"http:\/\/clasicasierracentro.com\/wp-content\/uploads\/2022\/01\/Placa-1024x420.jpg","datePublished":"2023-12-29T09:35:07+00:00","dateModified":"2026-04-20T19:46:48+00:00","breadcrumb":{"@id":"https:\/\/clasicasierracentro.com\/?page_id=1098#breadcrumb"},"inLanguage":"es","potentialAction":[{"@type":"ReadAction","target":["https:\/\/clasicasierracentro.com\/?page_id=1098"]}]},{"@type":"ImageObject","inLanguage":"es","@id":"https:\/\/clasicasierracentro.com\/?page_id=1098#primaryimage","url":"https:\/\/clasicasierracentro.com\/wp-content\/uploads\/2022\/01\/Placa-scaled.jpg","contentUrl":"https:\/\/clasicasierracentro.com\/wp-content\/uploads\/2022\/01\/Placa-scaled.jpg","width":2560,"height":1049},{"@type":"BreadcrumbList","@id":"https:\/\/clasicasierracentro.com\/?page_id=1098#breadcrumb","itemListElement":[{"@type":"ListItem","position":1,"name":"Portada","item":"https:\/\/clasicasierracentro.com\/"},{"@type":"ListItem","position":2,"name":"Palmar\u00e9s"}]},{"@type":"WebSite","@id":"https:\/\/clasicasierracentro.com\/#website","url":"https:\/\/clasicasierracentro.com\/","name":"CL\u00c1SICA SIERRA CENTRO","description":"CL\u00c1SICA SIERRA CENTRO","publisher":{"@id":"https:\/\/clasicasierracentro.com\/#\/schema\/person\/0dbe694ae3855c65b8c501f1728ad93a"},"potentialAction":[{"@type":"SearchAction","target":{"@type":"EntryPoint","urlTemplate":"https:\/\/clasicasierracentro.com\/?s={search_term_string}"},"query-input":{"@type":"PropertyValueSpecification","valueRequired":true,"valueName":"search_term_string"}}],"inLanguage":"es"},{"@type":["Person","Organization"],"@id":"https:\/\/clasicasierracentro.com\/#\/schema\/person\/0dbe694ae3855c65b8c501f1728ad93a","name":"Cl\u00e1sica Sierra Centro","image":{"@type":"ImageObject","inLanguage":"es","@id":"https:\/\/clasicasierracentro.com\/wp-content\/uploads\/2025\/12\/cropped-Placa-XI-Clasica-Sierra-Centro-2026.png","url":"https:\/\/clasicasierracentro.com\/wp-content\/uploads\/2025\/12\/cropped-Placa-XI-Clasica-Sierra-Centro-2026.png","contentUrl":"https:\/\/clasicasierracentro.com\/wp-content\/uploads\/2025\/12\/cropped-Placa-XI-Clasica-Sierra-Centro-2026.png","width":613,"height":460,"caption":"Cl\u00e1sica Sierra Centro"},"logo":{"@id":"https:\/\/clasicasierracentro.com\/wp-content\/uploads\/2025\/12\/cropped-Placa-XI-Clasica-Sierra-Centro-2026.png"},"sameAs":["http:\/\/clasicasierracentro.com"]}]}},"_links":{"self":[{"href":"https:\/\/clasicasierracentro.com\/index.php?rest_route=\/wp\/v2\/pages\/1098","targetHints":{"allow":["GET"]}}],"collection":[{"href":"https:\/\/clasicasierracentro.com\/index.php?rest_route=\/wp\/v2\/pages"}],"about":[{"href":"https:\/\/clasicasierracentro.com\/index.php?rest_route=\/wp\/v2\/types\/page"}],"author":[{"embeddable":true,"href":"https:\/\/clasicasierracentro.com\/index.php?rest_route=\/wp\/v2\/users\/1"}],"replies":[{"embeddable":true,"href":"https:\/\/clasicasierracentro.com\/index.php?rest_route=%2Fwp%2Fv2%2Fcomments&post=1098"}],"version-history":[{"count":49,"href":"https:\/\/clasicasierracentro.com\/index.php?rest_route=\/wp\/v2\/pages\/1098\/revisions"}],"predecessor-version":[{"id":2073,"href":"https:\/\/clasicasierracentro.com\/index.php?rest_route=\/wp\/v2\/pages\/1098\/revisions\/2073"}],"wp:attachment":[{"href":"https:\/\/clasicasierracentro.com\/index.php?rest_route=%2Fwp%2Fv2%2Fmedia&parent=1098"}],"curies":[{"name":"wp","href":"https:\/\/api.w.org\/{rel}","templated":true}]}}